{"id":16,"date":"2023-04-11T17:09:11","date_gmt":"2023-04-11T15:09:11","guid":{"rendered":"https:\/\/ambasciatapraga.esteri.it\/?page_id=16"},"modified":"2023-04-11T17:11:19","modified_gmt":"2023-04-11T15:11:19","slug":"news","status":"publish","type":"page","link":"https:\/\/ambbeirut.esteri.it\/it\/news\/","title":{"rendered":"Notizie"},"content":{"rendered":"        <div class=\"row\">\n\t\t\t<!-- Ricerca sedi post -->\n\t\t\t<div class=\"col-12 mt-4\">\n\t\t\t  <div class=\"callout callout-highlight note ricerca-esteri p-4\">\n                    <div class=\"callout-title\">\n                        <svg class=\"icon\">\n                            <use xlink:href=\"https:\/\/ambbeirut.esteri.it\/wp-content\/themes\/sedi-tema\/assets\/svg\/sprites.svg#it-search\"><\/use>\n                        <\/svg>Inserisci i parametri di ricerca                    <\/div>\n                    <form id=\"searchFormPost\" name=\"form-search-post\" class=\"form-row align-items-center\" action=\"https:\/\/ambbeirut.esteri.it\/it\/wp-json\/wp\/v2\/pages\/16\/\" method=\"GET\"> \n                        <!-- <div class=\"form-group pt-5\"> -->\n                            <!-- <input type=\"hidden\" id=\"lang\" name=\"lang\" value=\"\"> --> <!-- <\/div> -->\n\n                        <div class=\"it-datepicker-wrapper\">\n                            <div class=\"row\">\n                                <div class=\"form-group col-md-6\">\n                                    <label class=\"active\" for=\"date-init\">Dal<\/label>\n                                    <input class=\"form-control\" name=\"date-init\" id=\"date-init\" type=\"date\" placeholder=\"gg\/mm\/aaaa\" value=\"\"lang=\"en-EN\">  \n                                <\/div>\n                                <div class=\"form-group col-md-6\">\n                                    <label class=\"active\" for=\"date-end\">Al<\/label>\n                                    <input class=\"form-control\" name=\"date-end\" id=\"date-end\" type=\"date\" placeholder=\"gg\/mm\/aaaa\" value=\"\">\n                                <\/div>\n                            <\/div>\n                        <\/div>\n                        <div class=\"form-group col-md-12 mt-3\">\n                            <label for=\"searchText\">Campo ricerca libera<\/label>\n                            <input type=\"text\" name=\"searchText\" class=\"form-control\" id=\"searchText\" value=\"\">\n                        <\/div>\n                        <div class=\"form-group col-md-4 offset-md-8 text-end\">\n                            <a href=\"https:\/\/ambbeirut.esteri.it\/it\/news\/\" title=\"Form reset\" id=\"resetImput\" class=\"btn btn-outline-primary btn-xs\">Reset<\/a>\n                            <button type=\"submit\" class=\"btn btn-primary btn-xs\">Mostra risultati<\/button>\n                        <\/div>\n                    <\/form>\n\t\t\t\t<\/div>\n\t\t\t<\/div>\n\t\t<\/div>\n                    \n            <div class=\"row\">\n                            <div class=\"col-12 mt-3\">\n                <!--start card-->\n                <div class=\"card-wrapper card-space\">\n                    <div class=\"card card-bg card-big border-bottom-card\">\n                        <div class=\"card-body \">\n                                                        <div class=\"category-top\">\n                                                                                                            <span class=\"\">\n                                        <svg class=\"icon icon-secondary\">\n                                            <use xlink:href=\"https:\/\/ambbeirut.esteri.it\/wp-content\/themes\/sedi-tema\/assets\/svg\/sprites.svg#it-calendar\"><\/use>\n                                        <\/svg> 15 Aprile 2026                                    <\/span>\n                                                                    <\/div>\n                            <h5 class=\"card-title big-heading text-uppercase\"><a class=\"text-body text-decoration-none\" href=\"https:\/\/ambbeirut.esteri.it\/it\/news\/dall_ambasciata\/2026\/04\/visita-in-libano-del-capo-di-stato-maggiore-della-difesa-gen-luciano-portolano-14-15-aprile-2026\/\" title=\"Visita in Libano del Capo di Stato Maggiore della Difesa, Gen. Luciano Portolano (14-15 aprile 2026)\">Visita in Libano del Capo di Stato Maggiore della Difesa, Gen. Luciano Portolano (14-15 aprile 2026)<\/a><\/h5>\n                            <p class=\"card-text\">Il Capo di SMD si \u00e8 recato in visita a Beirut, dove ha incontrato il personale impiegato presso il Comitato Tecnico Militare per il Libano (MTC4L), la Missione Militare Bilaterale Italiana (MIBIL) e il Comando del Sector West di UNIFIL, a Shamaa, accompagnato dall\u2019Ambasciatore Marcelli. Durante la visita, il Gen. Portolano ha incontrato il Presidente [&hellip;]<\/p>\n                                <a title=\"Visita in Libano del Capo di Stato Maggiore della Difesa, Gen. Luciano Portolano (14-15 aprile 2026)\" class=\"read-more\" href=\"https:\/\/ambbeirut.esteri.it\/it\/news\/dall_ambasciata\/2026\/04\/visita-in-libano-del-capo-di-stato-maggiore-della-difesa-gen-luciano-portolano-14-15-aprile-2026\/\">\n                                    <span class=\"text\">Leggi di pi\u00f9<\/span>\n                                    <svg class=\"icon\">\n                                    <use xlink:href=\"https:\/\/ambbeirut.esteri.it\/wp-content\/themes\/sedi-tema\/assets\/svg\/sprites.svg#it-arrow-right\"><\/use>\n                                    <\/svg>\n                                <\/a>\n                                                    <\/div>\n                    <\/div>\n                <\/div>\n                <!--end card-->\n                <\/div><!-- col-12 .mt-3-->\n                            <div class=\"col-12 mt-3\">\n                <!--start card-->\n                <div class=\"card-wrapper card-space\">\n                    <div class=\"card card-bg card-big border-bottom-card\">\n                        <div class=\"card-body \">\n                                                        <div class=\"category-top\">\n                                                                                                            <span class=\"\">\n                                        <svg class=\"icon icon-secondary\">\n                                            <use xlink:href=\"https:\/\/ambbeirut.esteri.it\/wp-content\/themes\/sedi-tema\/assets\/svg\/sprites.svg#it-calendar\"><\/use>\n                                        <\/svg> 13 Aprile 2026                                    <\/span>\n                                                                    <\/div>\n                            <h5 class=\"card-title big-heading text-uppercase\"><a class=\"text-body text-decoration-none\" href=\"https:\/\/ambbeirut.esteri.it\/it\/news\/dall_ambasciata\/2026\/04\/visita-vice-pdc-e-maeci-antonio-tajani-a-beirut-13-aprile-2026\/\" title=\"Visita Vice PdC e MAECI, Antonio Tajani, a Beirut (13 aprile 2026)\">Visita Vice PdC e MAECI, Antonio Tajani, a Beirut (13 aprile 2026)<\/a><\/h5>\n                            <p class=\"card-text\">Il Vice Presidente del Consiglio dei Ministri e Ministro degli Affari Esteri e della Cooperazione Internazionale, Antonio Tajani, si \u00e8 recato ieri in visita a Beirut, trasmettendo un forte messaggio di solidariet\u00e0 e di impegno a lungo termine nei confronti del Libano in un contesto di persistenti sfide regionali. Il Ministro Tajani ha avuto un [&hellip;]<\/p>\n                                <a title=\"Visita Vice PdC e MAECI, Antonio Tajani, a Beirut (13 aprile 2026)\" class=\"read-more\" href=\"https:\/\/ambbeirut.esteri.it\/it\/news\/dall_ambasciata\/2026\/04\/visita-vice-pdc-e-maeci-antonio-tajani-a-beirut-13-aprile-2026\/\">\n                                    <span class=\"text\">Leggi di pi\u00f9<\/span>\n                                    <svg class=\"icon\">\n                                    <use xlink:href=\"https:\/\/ambbeirut.esteri.it\/wp-content\/themes\/sedi-tema\/assets\/svg\/sprites.svg#it-arrow-right\"><\/use>\n                                    <\/svg>\n                                <\/a>\n                                                    <\/div>\n                    <\/div>\n                <\/div>\n                <!--end card-->\n                <\/div><!-- col-12 .mt-3-->\n                            <div class=\"col-12 mt-3\">\n                <!--start card-->\n                <div class=\"card-wrapper card-space\">\n                    <div class=\"card card-bg card-big border-bottom-card\">\n                        <div class=\"card-body \">\n                                                        <div class=\"category-top\">\n                                                                                                            <span class=\"\">\n                                        <svg class=\"icon icon-secondary\">\n                                            <use xlink:href=\"https:\/\/ambbeirut.esteri.it\/wp-content\/themes\/sedi-tema\/assets\/svg\/sprites.svg#it-calendar\"><\/use>\n                                        <\/svg> 30 Marzo 2026                                    <\/span>\n                                                                    <\/div>\n                            <h5 class=\"card-title big-heading text-uppercase\"><a class=\"text-body text-decoration-none\" href=\"https:\/\/ambbeirut.esteri.it\/it\/news\/dall_ambasciata\/2026\/03\/pagamento-delle-pensioni-inps-allestero-campagna-di-accertamento-dellesistenza-in-vita\/\" title=\"Pagamento delle pensioni INPS all\u2019estero \u2013 Campagna di accertamento dell\u2019esistenza in vita\">Pagamento delle pensioni INPS all\u2019estero \u2013 Campagna di accertamento dell\u2019esistenza in vita<\/a><\/h5>\n                            <p class=\"card-text\">L\u2019INPS\u00a0ha comunicato l\u2019avvio della prima fase \u2013 da marzo a luglio 2026 \u2013 della\u00a0campagna di accertamento dell\u2019esistenza in vita dei pensionati all\u2019estero, finalizzata al pagamento delle pensioni all\u2019estero. Si informa che a partire\u00a0dal 20 marzo 2026,\u00a0Citibank\u00a0N.A.\u00a0curer\u00e0 la spedizione delle richieste di attestazione dell\u2019esistenza in vita ai connazionali di questa circoscrizione consolare. Le attestazioni dovranno pervenire [&hellip;]<\/p>\n                                <a title=\"Pagamento delle pensioni INPS all\u2019estero \u2013 Campagna di accertamento dell\u2019esistenza in vita\" class=\"read-more\" href=\"https:\/\/ambbeirut.esteri.it\/it\/news\/dall_ambasciata\/2026\/03\/pagamento-delle-pensioni-inps-allestero-campagna-di-accertamento-dellesistenza-in-vita\/\">\n                                    <span class=\"text\">Leggi di pi\u00f9<\/span>\n                                    <svg class=\"icon\">\n                                    <use xlink:href=\"https:\/\/ambbeirut.esteri.it\/wp-content\/themes\/sedi-tema\/assets\/svg\/sprites.svg#it-arrow-right\"><\/use>\n                                    <\/svg>\n                                <\/a>\n                                                    <\/div>\n                    <\/div>\n                <\/div>\n                <!--end card-->\n                <\/div><!-- col-12 .mt-3-->\n                            <div class=\"col-12 mt-3\">\n                <!--start card-->\n                <div class=\"card-wrapper card-space\">\n                    <div class=\"card card-bg card-big border-bottom-card\">\n                        <div class=\"card-body \">\n                                                        <div class=\"category-top\">\n                                                                                                            <span class=\"\">\n                                        <svg class=\"icon icon-secondary\">\n                                            <use xlink:href=\"https:\/\/ambbeirut.esteri.it\/wp-content\/themes\/sedi-tema\/assets\/svg\/sprites.svg#it-calendar\"><\/use>\n                                        <\/svg> 13 Marzo 2026                                    <\/span>\n                                                                    <\/div>\n                            <h5 class=\"card-title big-heading text-uppercase\"><a class=\"text-body text-decoration-none\" href=\"https:\/\/ambbeirut.esteri.it\/it\/news\/dall_ambasciata\/2026\/03\/litalia-annuncia-un-ulteriore-sostegno-umanitario-al-libano\/\" title=\"L\u2019Italia annuncia un ulteriore sostegno umanitario al Libano\">L\u2019Italia annuncia un ulteriore sostegno umanitario al Libano<\/a><\/h5>\n                            <p class=\"card-text\">Durante un incontro svoltosi oggi con funzionari libanesi e rappresentanti delle Nazioni Unite al Gran Serail, l\u2019Italia ha annunciato lo stanziamento di un ulteriore contributo umanitario di 10 milioni di euro (11,5 milioni di dollari USA), volto a contribuire a mitigare gli effetti della crisi e a rispondere ai bisogni pi\u00f9 urgenti delle comunit\u00e0 colpite [&hellip;]<\/p>\n                                <a title=\"L\u2019Italia annuncia un ulteriore sostegno umanitario al Libano\" class=\"read-more\" href=\"https:\/\/ambbeirut.esteri.it\/it\/news\/dall_ambasciata\/2026\/03\/litalia-annuncia-un-ulteriore-sostegno-umanitario-al-libano\/\">\n                                    <span class=\"text\">Leggi di pi\u00f9<\/span>\n                                    <svg class=\"icon\">\n                                    <use xlink:href=\"https:\/\/ambbeirut.esteri.it\/wp-content\/themes\/sedi-tema\/assets\/svg\/sprites.svg#it-arrow-right\"><\/use>\n                                    <\/svg>\n                                <\/a>\n                                                    <\/div>\n                    <\/div>\n                <\/div>\n                <!--end card-->\n                <\/div><!-- col-12 .mt-3-->\n                            <div class=\"col-12 mt-3\">\n                <!--start card-->\n                <div class=\"card-wrapper card-space\">\n                    <div class=\"card card-bg card-big border-bottom-card\">\n                        <div class=\"card-body \">\n                                                        <div class=\"category-top\">\n                                                                                                            <span class=\"\">\n                                        <svg class=\"icon icon-secondary\">\n                                            <use xlink:href=\"https:\/\/ambbeirut.esteri.it\/wp-content\/themes\/sedi-tema\/assets\/svg\/sprites.svg#it-calendar\"><\/use>\n                                        <\/svg> 12 Marzo 2026                                    <\/span>\n                                                                    <\/div>\n                            <h5 class=\"card-title big-heading text-uppercase\"><a class=\"text-body text-decoration-none\" href=\"https:\/\/ambbeirut.esteri.it\/it\/news\/dall_ambasciata\/2026\/03\/il-ministro-tajani-annuncia-interventi-demergenza-per-il-libano-di-10-milioni-di-euro\/\" title=\"Il Ministro Tajani annuncia interventi d\u2019emergenza per il Libano di 10 milioni di euro\">Il Ministro Tajani annuncia interventi d\u2019emergenza per il Libano di 10 milioni di euro<\/a><\/h5>\n                            <p class=\"card-text\">Per fare fronte alla grave situazione umanitaria in Libano, dove si assiste a una crescita del numero di sfollati interni con forti riverberi sulla stabilit\u00e0 socio-economica del Paese, il Ministro degli Esteri Antonio Tajani ha annunciato oggi un nuovo pacchetto di interventi d\u2019emergenza del valore di 10 milioni di euro. Il pacchetto, che sar\u00e0 reso [&hellip;]<\/p>\n                                <a title=\"Il Ministro Tajani annuncia interventi d\u2019emergenza per il Libano di 10 milioni di euro\" class=\"read-more\" href=\"https:\/\/ambbeirut.esteri.it\/it\/news\/dall_ambasciata\/2026\/03\/il-ministro-tajani-annuncia-interventi-demergenza-per-il-libano-di-10-milioni-di-euro\/\">\n                                    <span class=\"text\">Leggi di pi\u00f9<\/span>\n                                    <svg class=\"icon\">\n                                    <use xlink:href=\"https:\/\/ambbeirut.esteri.it\/wp-content\/themes\/sedi-tema\/assets\/svg\/sprites.svg#it-arrow-right\"><\/use>\n                                    <\/svg>\n                                <\/a>\n                                                    <\/div>\n                    <\/div>\n                <\/div>\n                <!--end card-->\n                <\/div><!-- col-12 .mt-3-->\n                            <div class=\"col-12 mt-3\">\n                <!--start card-->\n                <div class=\"card-wrapper card-space\">\n                    <div class=\"card card-bg card-big border-bottom-card\">\n                        <div class=\"card-body \">\n                                                        <div class=\"category-top\">\n                                                                                                            <span class=\"\">\n                                        <svg class=\"icon icon-secondary\">\n                                            <use xlink:href=\"https:\/\/ambbeirut.esteri.it\/wp-content\/themes\/sedi-tema\/assets\/svg\/sprites.svg#it-calendar\"><\/use>\n                                        <\/svg> 12 Marzo 2026                                    <\/span>\n                                                                    <\/div>\n                            <h5 class=\"card-title big-heading text-uppercase\"><a class=\"text-body text-decoration-none\" href=\"https:\/\/ambbeirut.esteri.it\/it\/news\/dall_ambasciata\/2026\/03\/borse-di-studio-del-governo-italiano-per-lanno-accademico-2026-2027-bando-aperto\/\" title=\"Borse di studio del Governo Italiano per l\u2019anno accademico 2026\u20132027 \u2013 Bando aperto\">Borse di studio del Governo Italiano per l\u2019anno accademico 2026\u20132027 \u2013 Bando aperto<\/a><\/h5>\n                            <p class=\"card-text\">L\u2019Ambasciata d\u2019Italia a Beirut \u00e8 lieta di informare che il\u00a0Ministero degli Affari Esteri e della Cooperazione Internazionale (MAECI)\u00a0ha pubblicato il bando annuale per l\u2019assegnazione di\u00a0borse di studio\u00a0destinate a\u00a0studenti stranieri residenti all\u2019estero\u00a0e a\u00a0cittadini italiani residenti all\u2019estero (IRE)\u00a0per l\u2019anno accademico\u00a02026\u20132027. Questa iniziativa si inserisce nel pi\u00f9 ampio impegno dell\u2019Italia per la promozione della cooperazione accademica e culturale [&hellip;]<\/p>\n                                <a title=\"Borse di studio del Governo Italiano per l\u2019anno accademico 2026\u20132027 \u2013 Bando aperto\" class=\"read-more\" href=\"https:\/\/ambbeirut.esteri.it\/it\/news\/dall_ambasciata\/2026\/03\/borse-di-studio-del-governo-italiano-per-lanno-accademico-2026-2027-bando-aperto\/\">\n                                    <span class=\"text\">Leggi di pi\u00f9<\/span>\n                                    <svg class=\"icon\">\n                                    <use xlink:href=\"https:\/\/ambbeirut.esteri.it\/wp-content\/themes\/sedi-tema\/assets\/svg\/sprites.svg#it-arrow-right\"><\/use>\n                                    <\/svg>\n                                <\/a>\n                                                    <\/div>\n                    <\/div>\n                <\/div>\n                <!--end card-->\n                <\/div><!-- col-12 .mt-3-->\n                            <div class=\"col-12 mt-3\">\n                <!--start card-->\n                <div class=\"card-wrapper card-space\">\n                    <div class=\"card card-bg card-big border-bottom-card\">\n                        <div class=\"card-body \">\n                                                        <div class=\"category-top\">\n                                                                                                            <span class=\"\">\n                                        <svg class=\"icon icon-secondary\">\n                                            <use xlink:href=\"https:\/\/ambbeirut.esteri.it\/wp-content\/themes\/sedi-tema\/assets\/svg\/sprites.svg#it-calendar\"><\/use>\n                                        <\/svg> 2 Marzo 2026                                    <\/span>\n                                                                    <\/div>\n                            <h5 class=\"card-title big-heading text-uppercase\"><a class=\"text-body text-decoration-none\" href=\"https:\/\/ambbeirut.esteri.it\/it\/news\/dall_ambasciata\/2026\/03\/libano-situazione-di-sicurezza-aggiornamento\/\" title=\"Libano: Situazione di sicurezza &#8211; Aggiornamento\">Libano: Situazione di sicurezza &#8211; Aggiornamento<\/a><\/h5>\n                            <p class=\"card-text\">Aggiornamento portale Viaggiare Sicuri 02.03.2026 Link: Viaggiare Sicuri &nbsp; In ragione dell\u2019avvio di operazioni militari israeliane in ampie aree del territorio libanese, inclusa la Capitale Beirut, si invitano i connazionali a rinviare tutti i viaggi in Libano. I connazionali presenti nel Paese sono invitati a considerare di lasciare il Libano con i primi voli commerciali [&hellip;]<\/p>\n                                <a title=\"Libano: Situazione di sicurezza &#8211; Aggiornamento\" class=\"read-more\" href=\"https:\/\/ambbeirut.esteri.it\/it\/news\/dall_ambasciata\/2026\/03\/libano-situazione-di-sicurezza-aggiornamento\/\">\n                                    <span class=\"text\">Leggi di pi\u00f9<\/span>\n                                    <svg class=\"icon\">\n                                    <use xlink:href=\"https:\/\/ambbeirut.esteri.it\/wp-content\/themes\/sedi-tema\/assets\/svg\/sprites.svg#it-arrow-right\"><\/use>\n                                    <\/svg>\n                                <\/a>\n                                                    <\/div>\n                    <\/div>\n                <\/div>\n                <!--end card-->\n                <\/div><!-- col-12 .mt-3-->\n                            <div class=\"col-12 mt-3\">\n                <!--start card-->\n                <div class=\"card-wrapper card-space\">\n                    <div class=\"card card-bg card-big border-bottom-card\">\n                        <div class=\"card-body \">\n                                                        <div class=\"category-top\">\n                                                                                                            <span class=\"\">\n                                        <svg class=\"icon icon-secondary\">\n                                            <use xlink:href=\"https:\/\/ambbeirut.esteri.it\/wp-content\/themes\/sedi-tema\/assets\/svg\/sprites.svg#it-calendar\"><\/use>\n                                        <\/svg> 1 Marzo 2026                                    <\/span>\n                                                                    <\/div>\n                            <h5 class=\"card-title big-heading text-uppercase\"><a class=\"text-body text-decoration-none\" href=\"https:\/\/ambbeirut.esteri.it\/it\/news\/dall_ambasciata\/2026\/03\/comunicato-stampa-2\/\" title=\"Referendum Costituzionale 2026: Rilascio dei duplicati\">Referendum Costituzionale 2026: Rilascio dei duplicati<\/a><\/h5>\n                            <p class=\"card-text\">&nbsp; &nbsp; Si informa che A PARTIRE DA DOMENICA 8 MARZO 2026 gli elettori che non hanno ricevuto il plico elettorale per il voto per corrispondenza in occasione del referendum costituzionale del 22 e 23 marzo al proprio indirizzo di residenza potranno richiederne un DUPLICATO a questa Ambasciata. La richiesta di duplicato potr\u00e0 essere presentata [&hellip;]<\/p>\n                                <a title=\"Referendum Costituzionale 2026: Rilascio dei duplicati\" class=\"read-more\" href=\"https:\/\/ambbeirut.esteri.it\/it\/news\/dall_ambasciata\/2026\/03\/comunicato-stampa-2\/\">\n                                    <span class=\"text\">Leggi di pi\u00f9<\/span>\n                                    <svg class=\"icon\">\n                                    <use xlink:href=\"https:\/\/ambbeirut.esteri.it\/wp-content\/themes\/sedi-tema\/assets\/svg\/sprites.svg#it-arrow-right\"><\/use>\n                                    <\/svg>\n                                <\/a>\n                                                    <\/div>\n                    <\/div>\n                <\/div>\n                <!--end card-->\n                <\/div><!-- col-12 .mt-3-->\n                            <div class=\"col-12 mt-3\">\n                <!--start card-->\n                <div class=\"card-wrapper card-space\">\n                    <div class=\"card card-bg card-big border-bottom-card\">\n                        <div class=\"card-body \">\n                                                        <div class=\"category-top\">\n                                                                                                            <span class=\"\">\n                                        <svg class=\"icon icon-secondary\">\n                                            <use xlink:href=\"https:\/\/ambbeirut.esteri.it\/wp-content\/themes\/sedi-tema\/assets\/svg\/sprites.svg#it-calendar\"><\/use>\n                                        <\/svg> 1 Marzo 2026                                    <\/span>\n                                                                    <\/div>\n                            <h5 class=\"card-title big-heading text-uppercase\"><a class=\"text-body text-decoration-none\" href=\"https:\/\/ambbeirut.esteri.it\/it\/news\/dall_ambasciata\/2026\/03\/numero-di-emergenza\/\" title=\"Numero di emergenza\">Numero di emergenza<\/a><\/h5>\n                            <p class=\"card-text\">Gli sviluppi in corso nella regione potrebbero provocare disagi e ripercussioni anche in Libano. &nbsp; Numero di telefono per i cittadini italiani che necessitano di assistenza di emergenza in Libano:\u00a0+9613489966. &nbsp;<\/p>\n                                <a title=\"Numero di emergenza\" class=\"read-more\" href=\"https:\/\/ambbeirut.esteri.it\/it\/news\/dall_ambasciata\/2026\/03\/numero-di-emergenza\/\">\n                                    <span class=\"text\">Leggi di pi\u00f9<\/span>\n                                    <svg class=\"icon\">\n                                    <use xlink:href=\"https:\/\/ambbeirut.esteri.it\/wp-content\/themes\/sedi-tema\/assets\/svg\/sprites.svg#it-arrow-right\"><\/use>\n                                    <\/svg>\n                                <\/a>\n                                                    <\/div>\n                    <\/div>\n                <\/div>\n                <!--end card-->\n                <\/div><!-- col-12 .mt-3-->\n                            <div class=\"col-12 mt-3\">\n                <!--start card-->\n                <div class=\"card-wrapper card-space\">\n                    <div class=\"card card-bg card-big border-bottom-card\">\n                        <div class=\"card-body \">\n                                                        <div class=\"category-top\">\n                                                                                                            <span class=\"\">\n                                        <svg class=\"icon icon-secondary\">\n                                            <use xlink:href=\"https:\/\/ambbeirut.esteri.it\/wp-content\/themes\/sedi-tema\/assets\/svg\/sprites.svg#it-calendar\"><\/use>\n                                        <\/svg> 11 Febbraio 2026                                    <\/span>\n                                                                    <\/div>\n                            <h5 class=\"card-title big-heading text-uppercase\"><a class=\"text-body text-decoration-none\" href=\"https:\/\/ambbeirut.esteri.it\/it\/news\/dall_ambasciata\/2026\/02\/fermo-operativo-del-sistema-informatico-vis-per-la-trattazione-e-emissione-di-visti-dingresso\/\" title=\"Fermo operativo del sistema informatico VIS per la trattazione e emissione di visti d\u2019ingresso\">Fermo operativo del sistema informatico VIS per la trattazione e emissione di visti d\u2019ingresso<\/a><\/h5>\n                            <p class=\"card-text\">Si informa che dalle ore 19:00 del 12 febbraio 2026 fino al 18 febbraio 2026, il sistema operativo VIS sar\u00e0 interessato da un fermo operativo temporaneo. Si tratta di un intervento tecnico programmato e urgente che comporter\u00e0 la momentanea sospensione delle attivit\u00e0 di ricezione e trattazione delle domande di visto, nonch\u00e9 quella di emissione di [&hellip;]<\/p>\n                                <a title=\"Fermo operativo del sistema informatico VIS per la trattazione e emissione di visti d\u2019ingresso\" class=\"read-more\" href=\"https:\/\/ambbeirut.esteri.it\/it\/news\/dall_ambasciata\/2026\/02\/fermo-operativo-del-sistema-informatico-vis-per-la-trattazione-e-emissione-di-visti-dingresso\/\">\n                                    <span class=\"text\">Leggi di pi\u00f9<\/span>\n                                    <svg class=\"icon\">\n                                    <use xlink:href=\"https:\/\/ambbeirut.esteri.it\/wp-content\/themes\/sedi-tema\/assets\/svg\/sprites.svg#it-arrow-right\"><\/use>\n                                    <\/svg>\n                                <\/a>\n                                                    <\/div>\n                    <\/div>\n                <\/div>\n                <!--end card-->\n                <\/div><!-- col-12 .mt-3-->\n            \n            <div class=\"col-md-12 mt-4 pb-4\">\n                <nav class=\"navigation col-md-12\" aria-label=\"Navigation\">\n                    <h2 class=\"screen-reader-text visually-hidden\">Paginazione<\/h2>\n                    <div class=\"nav-links\">\n                    <span aria-current=\"page\" class=\"page-numbers current\">1<\/span>\n<a class=\"page-numbers\" href=\"https:\/\/ambbeirut.esteri.it\/it\/wp-json\/wp\/v2\/pages\/16\/?pag=2\">2<\/a>\n<a class=\"page-numbers\" href=\"https:\/\/ambbeirut.esteri.it\/it\/wp-json\/wp\/v2\/pages\/16\/?pag=3\">3<\/a>\n<span class=\"page-numbers dots\">&hellip;<\/span>\n<a class=\"page-numbers\" href=\"https:\/\/ambbeirut.esteri.it\/it\/wp-json\/wp\/v2\/pages\/16\/?pag=44\">44<\/a>\n<a class=\"next page-numbers\" href=\"https:\/\/ambbeirut.esteri.it\/it\/wp-json\/wp\/v2\/pages\/16\/?pag=2\"><svg class=\"icon icon-primary\"><use xlink:href=\"https:\/\/ambbeirut.esteri.it\/wp-content\/themes\/sedi-tema\/assets\/svg\/sprites.svg#it-chevron-right\"><\/use><\/svg>\n                                    <span class=\"visually-hidden\">Pagina successiva<\/span><\/a>                    <\/div>\n                <\/nav>\n            <\/div>   <!--.col-md-12 -->\n              <\/div><!--.row -->\n              \n","protected":false},"excerpt":{"rendered":"","protected":false},"author":1,"featured_media":0,"parent":0,"menu_order":8,"comment_status":"closed","ping_status":"closed","template":"","meta":{"footnotes":""},"class_list":["post-16","page","type-page","status-publish","hentry"],"_links":{"self":[{"href":"https:\/\/ambbeirut.esteri.it\/it\/wp-json\/wp\/v2\/pages\/16","targetHints":{"allow":["GET"]}}],"collection":[{"href":"https:\/\/ambbeirut.esteri.it\/it\/wp-json\/wp\/v2\/pages"}],"about":[{"href":"https:\/\/ambbeirut.esteri.it\/it\/wp-json\/wp\/v2\/types\/page"}],"author":[{"embeddable":true,"href":"https:\/\/ambbeirut.esteri.it\/it\/wp-json\/wp\/v2\/users\/1"}],"replies":[{"embeddable":true,"href":"https:\/\/ambbeirut.esteri.it\/it\/wp-json\/wp\/v2\/comments?post=16"}],"version-history":[{"count":2,"href":"https:\/\/ambbeirut.esteri.it\/it\/wp-json\/wp\/v2\/pages\/16\/revisions"}],"predecessor-version":[{"id":21,"href":"https:\/\/ambbeirut.esteri.it\/it\/wp-json\/wp\/v2\/pages\/16\/revisions\/21"}],"wp:attachment":[{"href":"https:\/\/ambbeirut.esteri.it\/it\/wp-json\/wp\/v2\/media?parent=16"}],"curies":[{"name":"wp","href":"https:\/\/api.w.org\/{rel}","templated":true}]}}